{"id":6179,"date":"2025-02-27T18:23:00","date_gmt":"2025-02-27T17:23:00","guid":{"rendered":"https:\/\/www.gladiatorenschule-berlin.rocks\/?page_id=6179"},"modified":"2026-03-07T17:52:00","modified_gmt":"2026-03-07T16:52:00","slug":"2025-2","status":"publish","type":"page","link":"https:\/\/www.gladiatorenschule-berlin.rocks\/?page_id=6179","title":{"rendered":"2025"},"content":{"rendered":"<p>Weiter geht der Veranstaltungsreigen im Jahre 2025<\/p>\n<p class=\"entry-title\"><strong>Tag der offenen Bruno-Gehrke Halle<\/strong><\/p>\n<!-- default-view.php -->\n<div\n\tclass=\"ngg-galleryoverview default-view \"\n\tid=\"ngg-gallery-d58f2955d1c399e07d768a130871252f-1\">\n\n\t\t<!-- Thumbnails -->\n\t\t\t\t<div id=\"ngg-image-0\" class=\"ngg-gallery-thumbnail-box \" >\n\t\t\t\t        <div class=\"ngg-gallery-thumbnail\">\n            <a href=\"https:\/\/www.gladiatorenschule-berlin.rocks\/wp-content\/gallery\/tag-der-offenen-tuer-bruno-gehrke-halle\/WhatsApp-Image-2025-11-15-at-16.36.48-1_resized.jpeg\"\n               title=\"\"\n               data-src=\"https:\/\/www.gladiatorenschule-berlin.rocks\/wp-content\/gallery\/tag-der-offenen-tuer-bruno-gehrke-halle\/WhatsApp-Image-2025-11-15-at-16.36.48-1_resized.jpeg\"\n               data-thumbnail=\"https:\/\/www.gladiatorenschule-berlin.rocks\/wp-content\/gallery\/tag-der-offenen-tuer-bruno-gehrke-halle\/thumbs\/thumbs_WhatsApp-Image-2025-11-15-at-16.36.48-1_resized.jpeg\"\n               data-image-id=\"1331\"\n               data-title=\"WhatsApp-Image-2025-11-15-at-16.36.48-1_resized\"\n               data-description=\"\"\n               data-image-slug=\"whatsapp-image-2025-11-15-at-16-36-48-1_resized\"\n               class=\"ngg-simplelightbox\" rel=\"d58f2955d1c399e07d768a130871252f\">\n                <img\n                    title=\"WhatsApp-Image-2025-11-15-at-16.36.48-1_resized\"\n                    alt=\"WhatsApp-Image-2025-11-15-at-16.36.48-1_resized\"\n                    src=\"https:\/\/www.gladiatorenschule-berlin.rocks\/wp-content\/gallery\/tag-der-offenen-tuer-bruno-gehrke-halle\/thumbs\/thumbs_WhatsApp-Image-2025-11-15-at-16.36.48-1_resized.jpeg\"\n                    width=\"240\"\n                    height=\"160\"\n                    style=\"max-width:100%;\"\n                \/>\n            <\/a>\n        <\/div>\n\t\t\t\t\t\t\t<\/div> \n\t\t\t\n\t\t\t\t<div id=\"ngg-image-1\" class=\"ngg-gallery-thumbnail-box \" >\n\t\t\t\t        <div class=\"ngg-gallery-thumbnail\">\n            <a href=\"https:\/\/www.gladiatorenschule-berlin.rocks\/wp-content\/gallery\/tag-der-offenen-tuer-bruno-gehrke-halle\/WhatsApp-Image-2025-11-15-at-16.36.02_resized.jpeg\"\n               title=\"\"\n               data-src=\"https:\/\/www.gladiatorenschule-berlin.rocks\/wp-content\/gallery\/tag-der-offenen-tuer-bruno-gehrke-halle\/WhatsApp-Image-2025-11-15-at-16.36.02_resized.jpeg\"\n               data-thumbnail=\"https:\/\/www.gladiatorenschule-berlin.rocks\/wp-content\/gallery\/tag-der-offenen-tuer-bruno-gehrke-halle\/thumbs\/thumbs_WhatsApp-Image-2025-11-15-at-16.36.02_resized.jpeg\"\n               data-image-id=\"1332\"\n               data-title=\"WhatsApp-Image-2025-11-15-at-16.36.02_resized\"\n               data-description=\"\"\n               data-image-slug=\"whatsapp-image-2025-11-15-at-16-36-02_resized\"\n               class=\"ngg-simplelightbox\" rel=\"d58f2955d1c399e07d768a130871252f\">\n                <img\n                    title=\"WhatsApp-Image-2025-11-15-at-16.36.02_resized\"\n                    alt=\"WhatsApp-Image-2025-11-15-at-16.36.02_resized\"\n                    src=\"https:\/\/www.gladiatorenschule-berlin.rocks\/wp-content\/gallery\/tag-der-offenen-tuer-bruno-gehrke-halle\/thumbs\/thumbs_WhatsApp-Image-2025-11-15-at-16.36.02_resized.jpeg\"\n                    width=\"240\"\n                    height=\"160\"\n                    style=\"max-width:100%;\"\n                \/>\n            <\/a>\n        <\/div>\n\t\t\t\t\t\t\t<\/div> \n\t\t\t\n\t\t\t\t<div id=\"ngg-image-2\" class=\"ngg-gallery-thumbnail-box \" >\n\t\t\t\t        <div class=\"ngg-gallery-thumbnail\">\n            <a href=\"https:\/\/www.gladiatorenschule-berlin.rocks\/wp-content\/gallery\/tag-der-offenen-tuer-bruno-gehrke-halle\/WhatsApp-Image-2025-11-15-at-16.36.02-2_resized.jpeg\"\n               title=\"\"\n               data-src=\"https:\/\/www.gladiatorenschule-berlin.rocks\/wp-content\/gallery\/tag-der-offenen-tuer-bruno-gehrke-halle\/WhatsApp-Image-2025-11-15-at-16.36.02-2_resized.jpeg\"\n               data-thumbnail=\"https:\/\/www.gladiatorenschule-berlin.rocks\/wp-content\/gallery\/tag-der-offenen-tuer-bruno-gehrke-halle\/thumbs\/thumbs_WhatsApp-Image-2025-11-15-at-16.36.02-2_resized.jpeg\"\n               data-image-id=\"1333\"\n               data-title=\"WhatsApp-Image-2025-11-15-at-16.36.02-2_resized\"\n               data-description=\"\"\n               data-image-slug=\"whatsapp-image-2025-11-15-at-16-36-02-2_resized\"\n               class=\"ngg-simplelightbox\" rel=\"d58f2955d1c399e07d768a130871252f\">\n                <img\n                    title=\"WhatsApp-Image-2025-11-15-at-16.36.02-2_resized\"\n                    alt=\"WhatsApp-Image-2025-11-15-at-16.36.02-2_resized\"\n                    src=\"https:\/\/www.gladiatorenschule-berlin.rocks\/wp-content\/gallery\/tag-der-offenen-tuer-bruno-gehrke-halle\/thumbs\/thumbs_WhatsApp-Image-2025-11-15-at-16.36.02-2_resized.jpeg\"\n                    width=\"240\"\n                    height=\"160\"\n                    style=\"max-width:100%;\"\n                \/>\n            <\/a>\n        <\/div>\n\t\t\t\t\t\t\t<\/div> \n\t\t\t\n\t\t\t\t<div id=\"ngg-image-3\" class=\"ngg-gallery-thumbnail-box \" >\n\t\t\t\t        <div class=\"ngg-gallery-thumbnail\">\n            <a href=\"https:\/\/www.gladiatorenschule-berlin.rocks\/wp-content\/gallery\/tag-der-offenen-tuer-bruno-gehrke-halle\/WhatsApp-Image-2025-11-15-at-16.36.02-3_resized.jpeg\"\n               title=\"\"\n               data-src=\"https:\/\/www.gladiatorenschule-berlin.rocks\/wp-content\/gallery\/tag-der-offenen-tuer-bruno-gehrke-halle\/WhatsApp-Image-2025-11-15-at-16.36.02-3_resized.jpeg\"\n               data-thumbnail=\"https:\/\/www.gladiatorenschule-berlin.rocks\/wp-content\/gallery\/tag-der-offenen-tuer-bruno-gehrke-halle\/thumbs\/thumbs_WhatsApp-Image-2025-11-15-at-16.36.02-3_resized.jpeg\"\n               data-image-id=\"1334\"\n               data-title=\"WhatsApp-Image-2025-11-15-at-16.36.02-3_resized\"\n               data-description=\"\"\n               data-image-slug=\"whatsapp-image-2025-11-15-at-16-36-02-3_resized\"\n               class=\"ngg-simplelightbox\" rel=\"d58f2955d1c399e07d768a130871252f\">\n                <img\n                    title=\"WhatsApp-Image-2025-11-15-at-16.36.02-3_resized\"\n                    alt=\"WhatsApp-Image-2025-11-15-at-16.36.02-3_resized\"\n                    src=\"https:\/\/www.gladiatorenschule-berlin.rocks\/wp-content\/gallery\/tag-der-offenen-tuer-bruno-gehrke-halle\/thumbs\/thumbs_WhatsApp-Image-2025-11-15-at-16.36.02-3_resized.jpeg\"\n                    width=\"240\"\n                    height=\"160\"\n                    style=\"max-width:100%;\"\n                \/>\n            <\/a>\n        <\/div>\n\t\t\t\t\t\t\t<\/div> \n\t\t\t\n\t\t\t\t<div id=\"ngg-image-4\" class=\"ngg-gallery-thumbnail-box \" >\n\t\t\t\t        <div class=\"ngg-gallery-thumbnail\">\n            <a href=\"https:\/\/www.gladiatorenschule-berlin.rocks\/wp-content\/gallery\/tag-der-offenen-tuer-bruno-gehrke-halle\/921b19a4-4de6-4219-ba79-f8a24e82a737-1_all_36181_resized.jpeg\"\n               title=\"\"\n               data-src=\"https:\/\/www.gladiatorenschule-berlin.rocks\/wp-content\/gallery\/tag-der-offenen-tuer-bruno-gehrke-halle\/921b19a4-4de6-4219-ba79-f8a24e82a737-1_all_36181_resized.jpeg\"\n               data-thumbnail=\"https:\/\/www.gladiatorenschule-berlin.rocks\/wp-content\/gallery\/tag-der-offenen-tuer-bruno-gehrke-halle\/thumbs\/thumbs_921b19a4-4de6-4219-ba79-f8a24e82a737-1_all_36181_resized.jpeg\"\n               data-image-id=\"1335\"\n               data-title=\"921b19a4-4de6-4219-ba79-f8a24e82a737-1_all_36181_resized\"\n               data-description=\"\"\n               data-image-slug=\"921b19a4-4de6-4219-ba79-f8a24e82a737-1_all_36181_resized\"\n               class=\"ngg-simplelightbox\" rel=\"d58f2955d1c399e07d768a130871252f\">\n                <img\n                    title=\"921b19a4-4de6-4219-ba79-f8a24e82a737-1_all_36181_resized\"\n                    alt=\"921b19a4-4de6-4219-ba79-f8a24e82a737-1_all_36181_resized\"\n                    src=\"https:\/\/www.gladiatorenschule-berlin.rocks\/wp-content\/gallery\/tag-der-offenen-tuer-bruno-gehrke-halle\/thumbs\/thumbs_921b19a4-4de6-4219-ba79-f8a24e82a737-1_all_36181_resized.jpeg\"\n                    width=\"240\"\n                    height=\"160\"\n                    style=\"max-width:100%;\"\n                \/>\n            <\/a>\n        <\/div>\n\t\t\t\t\t\t\t<\/div> \n\t\t\t\n\t\t\t\t<div id=\"ngg-image-5\" class=\"ngg-gallery-thumbnail-box \" >\n\t\t\t\t        <div class=\"ngg-gallery-thumbnail\">\n            <a href=\"https:\/\/www.gladiatorenschule-berlin.rocks\/wp-content\/gallery\/tag-der-offenen-tuer-bruno-gehrke-halle\/921b19a4-4de6-4219-ba79-f8a24e82a737-1_all_36176_resized.jpeg\"\n               title=\"\"\n               data-src=\"https:\/\/www.gladiatorenschule-berlin.rocks\/wp-content\/gallery\/tag-der-offenen-tuer-bruno-gehrke-halle\/921b19a4-4de6-4219-ba79-f8a24e82a737-1_all_36176_resized.jpeg\"\n               data-thumbnail=\"https:\/\/www.gladiatorenschule-berlin.rocks\/wp-content\/gallery\/tag-der-offenen-tuer-bruno-gehrke-halle\/thumbs\/thumbs_921b19a4-4de6-4219-ba79-f8a24e82a737-1_all_36176_resized.jpeg\"\n               data-image-id=\"1336\"\n               data-title=\"921b19a4-4de6-4219-ba79-f8a24e82a737-1_all_36176_resized\"\n               data-description=\"\"\n               data-image-slug=\"921b19a4-4de6-4219-ba79-f8a24e82a737-1_all_36176_resized\"\n               class=\"ngg-simplelightbox\" rel=\"d58f2955d1c399e07d768a130871252f\">\n                <img\n                    title=\"921b19a4-4de6-4219-ba79-f8a24e82a737-1_all_36176_resized\"\n                    alt=\"921b19a4-4de6-4219-ba79-f8a24e82a737-1_all_36176_resized\"\n                    src=\"https:\/\/www.gladiatorenschule-berlin.rocks\/wp-content\/gallery\/tag-der-offenen-tuer-bruno-gehrke-halle\/thumbs\/thumbs_921b19a4-4de6-4219-ba79-f8a24e82a737-1_all_36176_resized.jpeg\"\n                    width=\"240\"\n                    height=\"160\"\n                    style=\"max-width:100%;\"\n                \/>\n            <\/a>\n        <\/div>\n\t\t\t\t\t\t\t<\/div> \n\t\t\t\n\t\t\t\t<div id=\"ngg-image-6\" class=\"ngg-gallery-thumbnail-box \" >\n\t\t\t\t        <div class=\"ngg-gallery-thumbnail\">\n            <a href=\"https:\/\/www.gladiatorenschule-berlin.rocks\/wp-content\/gallery\/tag-der-offenen-tuer-bruno-gehrke-halle\/921b19a4-4de6-4219-ba79-f8a24e82a737-1_all_36255_resized.jpeg\"\n               title=\"\"\n               data-src=\"https:\/\/www.gladiatorenschule-berlin.rocks\/wp-content\/gallery\/tag-der-offenen-tuer-bruno-gehrke-halle\/921b19a4-4de6-4219-ba79-f8a24e82a737-1_all_36255_resized.jpeg\"\n               data-thumbnail=\"https:\/\/www.gladiatorenschule-berlin.rocks\/wp-content\/gallery\/tag-der-offenen-tuer-bruno-gehrke-halle\/thumbs\/thumbs_921b19a4-4de6-4219-ba79-f8a24e82a737-1_all_36255_resized.jpeg\"\n               data-image-id=\"1337\"\n               data-title=\"921b19a4-4de6-4219-ba79-f8a24e82a737-1_all_36255_resized\"\n               data-description=\"\"\n               data-image-slug=\"921b19a4-4de6-4219-ba79-f8a24e82a737-1_all_36255_resized\"\n               class=\"ngg-simplelightbox\" rel=\"d58f2955d1c399e07d768a130871252f\">\n                <img\n                    title=\"921b19a4-4de6-4219-ba79-f8a24e82a737-1_all_36255_resized\"\n                    alt=\"921b19a4-4de6-4219-ba79-f8a24e82a737-1_all_36255_resized\"\n                    src=\"https:\/\/www.gladiatorenschule-berlin.rocks\/wp-content\/gallery\/tag-der-offenen-tuer-bruno-gehrke-halle\/thumbs\/thumbs_921b19a4-4de6-4219-ba79-f8a24e82a737-1_all_36255_resized.jpeg\"\n                    width=\"240\"\n                    height=\"160\"\n                    style=\"max-width:100%;\"\n                \/>\n            <\/a>\n        <\/div>\n\t\t\t\t\t\t\t<\/div> \n\t\t\t\n\t\t\t\t<div id=\"ngg-image-7\" class=\"ngg-gallery-thumbnail-box \" >\n\t\t\t\t        <div class=\"ngg-gallery-thumbnail\">\n            <a href=\"https:\/\/www.gladiatorenschule-berlin.rocks\/wp-content\/gallery\/tag-der-offenen-tuer-bruno-gehrke-halle\/1000038075_resized.jpeg\"\n               title=\"\"\n               data-src=\"https:\/\/www.gladiatorenschule-berlin.rocks\/wp-content\/gallery\/tag-der-offenen-tuer-bruno-gehrke-halle\/1000038075_resized.jpeg\"\n               data-thumbnail=\"https:\/\/www.gladiatorenschule-berlin.rocks\/wp-content\/gallery\/tag-der-offenen-tuer-bruno-gehrke-halle\/thumbs\/thumbs_1000038075_resized.jpeg\"\n               data-image-id=\"1338\"\n               data-title=\"1000038075_resized\"\n               data-description=\"\"\n               data-image-slug=\"1000038075_resized\"\n               class=\"ngg-simplelightbox\" rel=\"d58f2955d1c399e07d768a130871252f\">\n                <img\n                    title=\"1000038075_resized\"\n                    alt=\"1000038075_resized\"\n                    src=\"https:\/\/www.gladiatorenschule-berlin.rocks\/wp-content\/gallery\/tag-der-offenen-tuer-bruno-gehrke-halle\/thumbs\/thumbs_1000038075_resized.jpeg\"\n                    width=\"240\"\n                    height=\"160\"\n                    style=\"max-width:100%;\"\n                \/>\n            <\/a>\n        <\/div>\n\t\t\t\t\t\t\t<\/div> \n\t\t\t\n\t\n\t<br style=\"clear: both\" \/>\n\n\t\t<div class=\"slideshowlink\">\n        <a href='https:\/\/www.gladiatorenschule-berlin.rocks\/index.php\/nggallery\/slideshow?page_id=6179'>View Slideshow<\/a>\n\t\t\n\t<\/div>\n\t\n\t\t<!-- Pagination -->\n\t<div class='ngg-navigation'><span class='current'>1<\/span>\n<a class='page-numbers' data-pageid='2' href='https:\/\/www.gladiatorenschule-berlin.rocks\/index.php\/nggallery\/page\/2?page_id=6179'>2<\/a>\n<a class='page-numbers' data-pageid='3' href='https:\/\/www.gladiatorenschule-berlin.rocks\/index.php\/nggallery\/page\/3?page_id=6179'>3<\/a>\n<a class='prev' href='https:\/\/www.gladiatorenschule-berlin.rocks\/index.php\/nggallery\/page\/2?page_id=6179' data-pageid=2>&#9658;<\/a><\/div>\t<\/div>\n\n<p class=\"entry-title\"><strong>Tag der deutschen Einheit 2025<\/strong><\/p>\n<p>Wer sich fragt, was Gladiatoren mit der Hessischen Landesvertretung zu tun haben: die Saalburg ist der gemeinsame Nenner.<br \/>\nAu\u00dfer der &#8222;Luftaufnahme&#8220;, die uns von Gritt Pisternick zur Verf\u00fcgung gestellt wurde, sind alle anderen Bilder &#8230; nicht von uns &#8230;.<br \/>\nMit freundlicher Genehmigung von <a href=\"https:\/\/www.photothek.de\/\" target=\"_blank\">Anette Riedel<\/a>.<\/p>\n<!-- default-view.php -->\n<div\n\tclass=\"ngg-galleryoverview default-view \"\n\tid=\"ngg-gallery-2b3851e6756561e03b06d578d4d009d6-1\">\n\n\t\t<!-- Thumbnails -->\n\t\t\t\t<div id=\"ngg-image-0\" class=\"ngg-gallery-thumbnail-box \" >\n\t\t\t\t        <div class=\"ngg-gallery-thumbnail\">\n            <a href=\"https:\/\/www.gladiatorenschule-berlin.rocks\/wp-content\/gallery\/tag-d-dt-einheit-2025\/Glad1.jpg\"\n               title=\"Bild: Gritt Pisternick\"\n               data-src=\"https:\/\/www.gladiatorenschule-berlin.rocks\/wp-content\/gallery\/tag-d-dt-einheit-2025\/Glad1.jpg\"\n               data-thumbnail=\"https:\/\/www.gladiatorenschule-berlin.rocks\/wp-content\/gallery\/tag-d-dt-einheit-2025\/thumbs\/thumbs_Glad1.jpg\"\n               data-image-id=\"1320\"\n               data-title=\"Glad1\"\n               data-description=\"Bild: Gritt Pisternick\"\n               data-image-slug=\"glad1\"\n               class=\"ngg-simplelightbox\" rel=\"2b3851e6756561e03b06d578d4d009d6\">\n                <img\n                    title=\"Glad1\"\n                    alt=\"Glad1\"\n                    src=\"https:\/\/www.gladiatorenschule-berlin.rocks\/wp-content\/gallery\/tag-d-dt-einheit-2025\/thumbs\/thumbs_Glad1.jpg\"\n                    width=\"240\"\n                    height=\"160\"\n                    style=\"max-width:100%;\"\n                \/>\n            <\/a>\n        <\/div>\n\t\t\t\t\t\t\t<\/div> \n\t\t\t\n\t\t\t\t<div id=\"ngg-image-1\" class=\"ngg-gallery-thumbnail-box \" >\n\t\t\t\t        <div class=\"ngg-gallery-thumbnail\">\n            <a href=\"https:\/\/www.gladiatorenschule-berlin.rocks\/wp-content\/gallery\/tag-d-dt-einheit-2025\/DSC_2441.jpg\"\n               title=\"(c) Anette Riedel, mit freundlicher Genehmigung\"\n               data-src=\"https:\/\/www.gladiatorenschule-berlin.rocks\/wp-content\/gallery\/tag-d-dt-einheit-2025\/DSC_2441.jpg\"\n               data-thumbnail=\"https:\/\/www.gladiatorenschule-berlin.rocks\/wp-content\/gallery\/tag-d-dt-einheit-2025\/thumbs\/thumbs_DSC_2441.jpg\"\n               data-image-id=\"1313\"\n               data-title=\"DSC_2441\"\n               data-description=\"(c) Anette Riedel, mit freundlicher Genehmigung\"\n               data-image-slug=\"dsc_2441\"\n               class=\"ngg-simplelightbox\" rel=\"2b3851e6756561e03b06d578d4d009d6\">\n                <img\n                    title=\"DSC_2441\"\n                    alt=\"DSC_2441\"\n                    src=\"https:\/\/www.gladiatorenschule-berlin.rocks\/wp-content\/gallery\/tag-d-dt-einheit-2025\/thumbs\/thumbs_DSC_2441.jpg\"\n                    width=\"240\"\n                    height=\"160\"\n                    style=\"max-width:100%;\"\n                \/>\n            <\/a>\n        <\/div>\n\t\t\t\t\t\t\t<\/div> \n\t\t\t\n\t\t\t\t<div id=\"ngg-image-2\" class=\"ngg-gallery-thumbnail-box \" >\n\t\t\t\t        <div class=\"ngg-gallery-thumbnail\">\n            <a href=\"https:\/\/www.gladiatorenschule-berlin.rocks\/wp-content\/gallery\/tag-d-dt-einheit-2025\/DSC_2449.jpg\"\n               title=\"(c) Anette Riedel, mit freundlicher Genehmigung\"\n               data-src=\"https:\/\/www.gladiatorenschule-berlin.rocks\/wp-content\/gallery\/tag-d-dt-einheit-2025\/DSC_2449.jpg\"\n               data-thumbnail=\"https:\/\/www.gladiatorenschule-berlin.rocks\/wp-content\/gallery\/tag-d-dt-einheit-2025\/thumbs\/thumbs_DSC_2449.jpg\"\n               data-image-id=\"1309\"\n               data-title=\"DSC_2449\"\n               data-description=\"(c) Anette Riedel, mit freundlicher Genehmigung\"\n               data-image-slug=\"dsc_2449\"\n               class=\"ngg-simplelightbox\" rel=\"2b3851e6756561e03b06d578d4d009d6\">\n                <img\n                    title=\"DSC_2449\"\n                    alt=\"DSC_2449\"\n                    src=\"https:\/\/www.gladiatorenschule-berlin.rocks\/wp-content\/gallery\/tag-d-dt-einheit-2025\/thumbs\/thumbs_DSC_2449.jpg\"\n                    width=\"240\"\n                    height=\"160\"\n                    style=\"max-width:100%;\"\n                \/>\n            <\/a>\n        <\/div>\n\t\t\t\t\t\t\t<\/div> \n\t\t\t\n\t\t\t\t<div id=\"ngg-image-3\" class=\"ngg-gallery-thumbnail-box \" >\n\t\t\t\t        <div class=\"ngg-gallery-thumbnail\">\n            <a href=\"https:\/\/www.gladiatorenschule-berlin.rocks\/wp-content\/gallery\/tag-d-dt-einheit-2025\/DSC_2455.jpg\"\n               title=\"(c) Anette Riedel, mit freundlicher Genehmigung\"\n               data-src=\"https:\/\/www.gladiatorenschule-berlin.rocks\/wp-content\/gallery\/tag-d-dt-einheit-2025\/DSC_2455.jpg\"\n               data-thumbnail=\"https:\/\/www.gladiatorenschule-berlin.rocks\/wp-content\/gallery\/tag-d-dt-einheit-2025\/thumbs\/thumbs_DSC_2455.jpg\"\n               data-image-id=\"1310\"\n               data-title=\"DSC_2455\"\n               data-description=\"(c) Anette Riedel, mit freundlicher Genehmigung\"\n               data-image-slug=\"dsc_2455\"\n               class=\"ngg-simplelightbox\" rel=\"2b3851e6756561e03b06d578d4d009d6\">\n                <img\n                    title=\"DSC_2455\"\n                    alt=\"DSC_2455\"\n                    src=\"https:\/\/www.gladiatorenschule-berlin.rocks\/wp-content\/gallery\/tag-d-dt-einheit-2025\/thumbs\/thumbs_DSC_2455.jpg\"\n                    width=\"240\"\n                    height=\"160\"\n                    style=\"max-width:100%;\"\n                \/>\n            <\/a>\n        <\/div>\n\t\t\t\t\t\t\t<\/div> \n\t\t\t\n\t\t\t\t<div id=\"ngg-image-4\" class=\"ngg-gallery-thumbnail-box \" >\n\t\t\t\t        <div class=\"ngg-gallery-thumbnail\">\n            <a href=\"https:\/\/www.gladiatorenschule-berlin.rocks\/wp-content\/gallery\/tag-d-dt-einheit-2025\/DSC_2549.jpg\"\n               title=\"\"\n               data-src=\"https:\/\/www.gladiatorenschule-berlin.rocks\/wp-content\/gallery\/tag-d-dt-einheit-2025\/DSC_2549.jpg\"\n               data-thumbnail=\"https:\/\/www.gladiatorenschule-berlin.rocks\/wp-content\/gallery\/tag-d-dt-einheit-2025\/thumbs\/thumbs_DSC_2549.jpg\"\n               data-image-id=\"1316\"\n               data-title=\"DSC_2549\"\n               data-description=\"\"\n               data-image-slug=\"dsc_2549\"\n               class=\"ngg-simplelightbox\" rel=\"2b3851e6756561e03b06d578d4d009d6\">\n                <img\n                    title=\"DSC_2549\"\n                    alt=\"DSC_2549\"\n                    src=\"https:\/\/www.gladiatorenschule-berlin.rocks\/wp-content\/gallery\/tag-d-dt-einheit-2025\/thumbs\/thumbs_DSC_2549.jpg\"\n                    width=\"240\"\n                    height=\"160\"\n                    style=\"max-width:100%;\"\n                \/>\n            <\/a>\n        <\/div>\n\t\t\t\t\t\t\t<\/div> \n\t\t\t\n\t\t\t\t<div id=\"ngg-image-5\" class=\"ngg-gallery-thumbnail-box \" >\n\t\t\t\t        <div class=\"ngg-gallery-thumbnail\">\n            <a href=\"https:\/\/www.gladiatorenschule-berlin.rocks\/wp-content\/gallery\/tag-d-dt-einheit-2025\/DSC_2564.jpg\"\n               title=\"(c) Anette Riedel, mit freundlicher Genehmigung\"\n               data-src=\"https:\/\/www.gladiatorenschule-berlin.rocks\/wp-content\/gallery\/tag-d-dt-einheit-2025\/DSC_2564.jpg\"\n               data-thumbnail=\"https:\/\/www.gladiatorenschule-berlin.rocks\/wp-content\/gallery\/tag-d-dt-einheit-2025\/thumbs\/thumbs_DSC_2564.jpg\"\n               data-image-id=\"1317\"\n               data-title=\"DSC_2564\"\n               data-description=\"(c) Anette Riedel, mit freundlicher Genehmigung\"\n               data-image-slug=\"dsc_2564\"\n               class=\"ngg-simplelightbox\" rel=\"2b3851e6756561e03b06d578d4d009d6\">\n                <img\n                    title=\"DSC_2564\"\n                    alt=\"DSC_2564\"\n                    src=\"https:\/\/www.gladiatorenschule-berlin.rocks\/wp-content\/gallery\/tag-d-dt-einheit-2025\/thumbs\/thumbs_DSC_2564.jpg\"\n                    width=\"240\"\n                    height=\"160\"\n                    style=\"max-width:100%;\"\n                \/>\n            <\/a>\n        <\/div>\n\t\t\t\t\t\t\t<\/div> \n\t\t\t\n\t\t\t\t<div id=\"ngg-image-6\" class=\"ngg-gallery-thumbnail-box \" >\n\t\t\t\t        <div class=\"ngg-gallery-thumbnail\">\n            <a href=\"https:\/\/www.gladiatorenschule-berlin.rocks\/wp-content\/gallery\/tag-d-dt-einheit-2025\/DSC_2503.jpg\"\n               title=\"(c) Anette Riedel, mit freundlicher Genehmigung\"\n               data-src=\"https:\/\/www.gladiatorenschule-berlin.rocks\/wp-content\/gallery\/tag-d-dt-einheit-2025\/DSC_2503.jpg\"\n               data-thumbnail=\"https:\/\/www.gladiatorenschule-berlin.rocks\/wp-content\/gallery\/tag-d-dt-einheit-2025\/thumbs\/thumbs_DSC_2503.jpg\"\n               data-image-id=\"1311\"\n               data-title=\"DSC_2503\"\n               data-description=\"(c) Anette Riedel, mit freundlicher Genehmigung\"\n               data-image-slug=\"dsc_2503\"\n               class=\"ngg-simplelightbox\" rel=\"2b3851e6756561e03b06d578d4d009d6\">\n                <img\n                    title=\"DSC_2503\"\n                    alt=\"DSC_2503\"\n                    src=\"https:\/\/www.gladiatorenschule-berlin.rocks\/wp-content\/gallery\/tag-d-dt-einheit-2025\/thumbs\/thumbs_DSC_2503.jpg\"\n                    width=\"240\"\n                    height=\"160\"\n                    style=\"max-width:100%;\"\n                \/>\n            <\/a>\n        <\/div>\n\t\t\t\t\t\t\t<\/div> \n\t\t\t\n\t\t\t\t<div id=\"ngg-image-7\" class=\"ngg-gallery-thumbnail-box \" >\n\t\t\t\t        <div class=\"ngg-gallery-thumbnail\">\n            <a href=\"https:\/\/www.gladiatorenschule-berlin.rocks\/wp-content\/gallery\/tag-d-dt-einheit-2025\/DSC_2520.jpg\"\n               title=\"(c) Anette Riedel, mit freundlicher Genehmigung\"\n               data-src=\"https:\/\/www.gladiatorenschule-berlin.rocks\/wp-content\/gallery\/tag-d-dt-einheit-2025\/DSC_2520.jpg\"\n               data-thumbnail=\"https:\/\/www.gladiatorenschule-berlin.rocks\/wp-content\/gallery\/tag-d-dt-einheit-2025\/thumbs\/thumbs_DSC_2520.jpg\"\n               data-image-id=\"1315\"\n               data-title=\"DSC_2520\"\n               data-description=\"(c) Anette Riedel, mit freundlicher Genehmigung\"\n               data-image-slug=\"dsc_2520\"\n               class=\"ngg-simplelightbox\" rel=\"2b3851e6756561e03b06d578d4d009d6\">\n                <img\n                    title=\"DSC_2520\"\n                    alt=\"DSC_2520\"\n                    src=\"https:\/\/www.gladiatorenschule-berlin.rocks\/wp-content\/gallery\/tag-d-dt-einheit-2025\/thumbs\/thumbs_DSC_2520.jpg\"\n                    width=\"240\"\n                    height=\"160\"\n                    style=\"max-width:100%;\"\n                \/>\n            <\/a>\n        <\/div>\n\t\t\t\t\t\t\t<\/div> \n\t\t\t\n\t\n\t<br style=\"clear: both\" \/>\n\n\t\t<div class=\"slideshowlink\">\n        <a href='https:\/\/www.gladiatorenschule-berlin.rocks\/index.php\/nggallery\/slideshow?page_id=6179'>View Slideshow<\/a>\n\t\t\n\t<\/div>\n\t\n\t\t<!-- Pagination -->\n\t<div class='ngg-navigation'><span class='current'>1<\/span>\n<a class='page-numbers' data-pageid='2' href='https:\/\/www.gladiatorenschule-berlin.rocks\/index.php\/nggallery\/page\/2?page_id=6179'>2<\/a>\n<a class='prev' href='https:\/\/www.gladiatorenschule-berlin.rocks\/index.php\/nggallery\/page\/2?page_id=6179' data-pageid=2>&#9658;<\/a><\/div>\t<\/div>\n\n<p class=\"entry-title\"><strong>Internationales Gladiatorentreffen in Nijmegen<\/strong><\/p>\n<p>Mit vielen Berlinern, einigen Hamburgern udn einem Ludus aus der franz\u00f6sichen Schweiz<\/p>\n<!-- default-view.php -->\n<div\n\tclass=\"ngg-galleryoverview default-view \"\n\tid=\"ngg-gallery-271226c0f41155ea64e9364f1aa5fd15-1\">\n\n\t\t<!-- Thumbnails -->\n\t\t\t\t<div id=\"ngg-image-0\" class=\"ngg-gallery-thumbnail-box \" >\n\t\t\t\t        <div class=\"ngg-gallery-thumbnail\">\n            <a href=\"https:\/\/www.gladiatorenschule-berlin.rocks\/wp-content\/gallery\/2025-gladiatorentreffen-nijmegen\/IMG_20250919_132448.jpg\"\n               title=\"\"\n               data-src=\"https:\/\/www.gladiatorenschule-berlin.rocks\/wp-content\/gallery\/2025-gladiatorentreffen-nijmegen\/IMG_20250919_132448.jpg\"\n               data-thumbnail=\"https:\/\/www.gladiatorenschule-berlin.rocks\/wp-content\/gallery\/2025-gladiatorentreffen-nijmegen\/thumbs\/thumbs_IMG_20250919_132448.jpg\"\n               data-image-id=\"1285\"\n               data-title=\"IMG_20250919_132448\"\n               data-description=\"\"\n               data-image-slug=\"img_20250919_132448\"\n               class=\"ngg-simplelightbox\" rel=\"271226c0f41155ea64e9364f1aa5fd15\">\n                <img\n                    title=\"IMG_20250919_132448\"\n                    alt=\"IMG_20250919_132448\"\n                    src=\"https:\/\/www.gladiatorenschule-berlin.rocks\/wp-content\/gallery\/2025-gladiatorentreffen-nijmegen\/thumbs\/thumbs_IMG_20250919_132448.jpg\"\n                    width=\"240\"\n                    height=\"160\"\n                    style=\"max-width:100%;\"\n                \/>\n            <\/a>\n        <\/div>\n\t\t\t\t\t\t\t<\/div> \n\t\t\t\n\t\t\t\t<div id=\"ngg-image-1\" class=\"ngg-gallery-thumbnail-box \" >\n\t\t\t\t        <div class=\"ngg-gallery-thumbnail\">\n            <a href=\"https:\/\/www.gladiatorenschule-berlin.rocks\/wp-content\/gallery\/2025-gladiatorentreffen-nijmegen\/IMG_20250919_080605.jpg\"\n               title=\"\"\n               data-src=\"https:\/\/www.gladiatorenschule-berlin.rocks\/wp-content\/gallery\/2025-gladiatorentreffen-nijmegen\/IMG_20250919_080605.jpg\"\n               data-thumbnail=\"https:\/\/www.gladiatorenschule-berlin.rocks\/wp-content\/gallery\/2025-gladiatorentreffen-nijmegen\/thumbs\/thumbs_IMG_20250919_080605.jpg\"\n               data-image-id=\"1277\"\n               data-title=\"IMG_20250919_080605\"\n               data-description=\"\"\n               data-image-slug=\"img_20250919_080605\"\n               class=\"ngg-simplelightbox\" rel=\"271226c0f41155ea64e9364f1aa5fd15\">\n                <img\n                    title=\"IMG_20250919_080605\"\n                    alt=\"IMG_20250919_080605\"\n                    src=\"https:\/\/www.gladiatorenschule-berlin.rocks\/wp-content\/gallery\/2025-gladiatorentreffen-nijmegen\/thumbs\/thumbs_IMG_20250919_080605.jpg\"\n                    width=\"240\"\n                    height=\"160\"\n                    style=\"max-width:100%;\"\n                \/>\n            <\/a>\n        <\/div>\n\t\t\t\t\t\t\t<\/div> \n\t\t\t\n\t\t\t\t<div id=\"ngg-image-2\" class=\"ngg-gallery-thumbnail-box \" >\n\t\t\t\t        <div class=\"ngg-gallery-thumbnail\">\n            <a href=\"https:\/\/www.gladiatorenschule-berlin.rocks\/wp-content\/gallery\/2025-gladiatorentreffen-nijmegen\/IMG_20250920_201808.jpg\"\n               title=\"\"\n               data-src=\"https:\/\/www.gladiatorenschule-berlin.rocks\/wp-content\/gallery\/2025-gladiatorentreffen-nijmegen\/IMG_20250920_201808.jpg\"\n               data-thumbnail=\"https:\/\/www.gladiatorenschule-berlin.rocks\/wp-content\/gallery\/2025-gladiatorentreffen-nijmegen\/thumbs\/thumbs_IMG_20250920_201808.jpg\"\n               data-image-id=\"1308\"\n               data-title=\"IMG_20250920_201808\"\n               data-description=\"\"\n               data-image-slug=\"img_20250920_201808\"\n               class=\"ngg-simplelightbox\" rel=\"271226c0f41155ea64e9364f1aa5fd15\">\n                <img\n                    title=\"IMG_20250920_201808\"\n                    alt=\"IMG_20250920_201808\"\n                    src=\"https:\/\/www.gladiatorenschule-berlin.rocks\/wp-content\/gallery\/2025-gladiatorentreffen-nijmegen\/thumbs\/thumbs_IMG_20250920_201808.jpg\"\n                    width=\"240\"\n                    height=\"160\"\n                    style=\"max-width:100%;\"\n                \/>\n            <\/a>\n        <\/div>\n\t\t\t\t\t\t\t<\/div> \n\t\t\t\n\t\t\t\t<div id=\"ngg-image-3\" class=\"ngg-gallery-thumbnail-box \" >\n\t\t\t\t        <div class=\"ngg-gallery-thumbnail\">\n            <a href=\"https:\/\/www.gladiatorenschule-berlin.rocks\/wp-content\/gallery\/2025-gladiatorentreffen-nijmegen\/IMG_20250919_131321.jpg\"\n               title=\"\"\n               data-src=\"https:\/\/www.gladiatorenschule-berlin.rocks\/wp-content\/gallery\/2025-gladiatorentreffen-nijmegen\/IMG_20250919_131321.jpg\"\n               data-thumbnail=\"https:\/\/www.gladiatorenschule-berlin.rocks\/wp-content\/gallery\/2025-gladiatorentreffen-nijmegen\/thumbs\/thumbs_IMG_20250919_131321.jpg\"\n               data-image-id=\"1287\"\n               data-title=\"IMG_20250919_131321\"\n               data-description=\"\"\n               data-image-slug=\"img_20250919_131321\"\n               class=\"ngg-simplelightbox\" rel=\"271226c0f41155ea64e9364f1aa5fd15\">\n                <img\n                    title=\"IMG_20250919_131321\"\n                    alt=\"IMG_20250919_131321\"\n                    src=\"https:\/\/www.gladiatorenschule-berlin.rocks\/wp-content\/gallery\/2025-gladiatorentreffen-nijmegen\/thumbs\/thumbs_IMG_20250919_131321.jpg\"\n                    width=\"240\"\n                    height=\"160\"\n                    style=\"max-width:100%;\"\n                \/>\n            <\/a>\n        <\/div>\n\t\t\t\t\t\t\t<\/div> \n\t\t\t\n\t\t\t\t<div id=\"ngg-image-4\" class=\"ngg-gallery-thumbnail-box \" >\n\t\t\t\t        <div class=\"ngg-gallery-thumbnail\">\n            <a href=\"https:\/\/www.gladiatorenschule-berlin.rocks\/wp-content\/gallery\/2025-gladiatorentreffen-nijmegen\/000_IMG_7427_web.JPG\"\n               title=\"\"\n               data-src=\"https:\/\/www.gladiatorenschule-berlin.rocks\/wp-content\/gallery\/2025-gladiatorentreffen-nijmegen\/000_IMG_7427_web.JPG\"\n               data-thumbnail=\"https:\/\/www.gladiatorenschule-berlin.rocks\/wp-content\/gallery\/2025-gladiatorentreffen-nijmegen\/thumbs\/thumbs_000_IMG_7427_web.JPG\"\n               data-image-id=\"1322\"\n               data-title=\"000_IMG_7427_web\"\n               data-description=\"\"\n               data-image-slug=\"000_img_7427_web\"\n               class=\"ngg-simplelightbox\" rel=\"271226c0f41155ea64e9364f1aa5fd15\">\n                <img\n                    title=\"000_IMG_7427_web\"\n                    alt=\"000_IMG_7427_web\"\n                    src=\"https:\/\/www.gladiatorenschule-berlin.rocks\/wp-content\/gallery\/2025-gladiatorentreffen-nijmegen\/thumbs\/thumbs_000_IMG_7427_web.JPG\"\n                    width=\"240\"\n                    height=\"160\"\n                    style=\"max-width:100%;\"\n                \/>\n            <\/a>\n        <\/div>\n\t\t\t\t\t\t\t<\/div> \n\t\t\t\n\t\t\t\t<div id=\"ngg-image-5\" class=\"ngg-gallery-thumbnail-box \" >\n\t\t\t\t        <div class=\"ngg-gallery-thumbnail\">\n            <a href=\"https:\/\/www.gladiatorenschule-berlin.rocks\/wp-content\/gallery\/2025-gladiatorentreffen-nijmegen\/000_IMG_7419_web.JPG\"\n               title=\"\"\n               data-src=\"https:\/\/www.gladiatorenschule-berlin.rocks\/wp-content\/gallery\/2025-gladiatorentreffen-nijmegen\/000_IMG_7419_web.JPG\"\n               data-thumbnail=\"https:\/\/www.gladiatorenschule-berlin.rocks\/wp-content\/gallery\/2025-gladiatorentreffen-nijmegen\/thumbs\/thumbs_000_IMG_7419_web.JPG\"\n               data-image-id=\"1323\"\n               data-title=\"000_IMG_7419_web\"\n               data-description=\"\"\n               data-image-slug=\"000_img_7419_web\"\n               class=\"ngg-simplelightbox\" rel=\"271226c0f41155ea64e9364f1aa5fd15\">\n                <img\n                    title=\"000_IMG_7419_web\"\n                    alt=\"000_IMG_7419_web\"\n                    src=\"https:\/\/www.gladiatorenschule-berlin.rocks\/wp-content\/gallery\/2025-gladiatorentreffen-nijmegen\/thumbs\/thumbs_000_IMG_7419_web.JPG\"\n                    width=\"240\"\n                    height=\"160\"\n                    style=\"max-width:100%;\"\n                \/>\n            <\/a>\n        <\/div>\n\t\t\t\t\t\t\t<\/div> \n\t\t\t\n\t\t\t\t<div id=\"ngg-image-6\" class=\"ngg-gallery-thumbnail-box \" >\n\t\t\t\t        <div class=\"ngg-gallery-thumbnail\">\n            <a href=\"https:\/\/www.gladiatorenschule-berlin.rocks\/wp-content\/gallery\/2025-gladiatorentreffen-nijmegen\/000_IMG_7424_web.JPG\"\n               title=\"\"\n               data-src=\"https:\/\/www.gladiatorenschule-berlin.rocks\/wp-content\/gallery\/2025-gladiatorentreffen-nijmegen\/000_IMG_7424_web.JPG\"\n               data-thumbnail=\"https:\/\/www.gladiatorenschule-berlin.rocks\/wp-content\/gallery\/2025-gladiatorentreffen-nijmegen\/thumbs\/thumbs_000_IMG_7424_web.JPG\"\n               data-image-id=\"1326\"\n               data-title=\"000_IMG_7424_web\"\n               data-description=\"\"\n               data-image-slug=\"000_img_7424_web\"\n               class=\"ngg-simplelightbox\" rel=\"271226c0f41155ea64e9364f1aa5fd15\">\n                <img\n                    title=\"000_IMG_7424_web\"\n                    alt=\"000_IMG_7424_web\"\n                    src=\"https:\/\/www.gladiatorenschule-berlin.rocks\/wp-content\/gallery\/2025-gladiatorentreffen-nijmegen\/thumbs\/thumbs_000_IMG_7424_web.JPG\"\n                    width=\"240\"\n                    height=\"160\"\n                    style=\"max-width:100%;\"\n                \/>\n            <\/a>\n        <\/div>\n\t\t\t\t\t\t\t<\/div> \n\t\t\t\n\t\t\t\t<div id=\"ngg-image-7\" class=\"ngg-gallery-thumbnail-box \" >\n\t\t\t\t        <div class=\"ngg-gallery-thumbnail\">\n            <a href=\"https:\/\/www.gladiatorenschule-berlin.rocks\/wp-content\/gallery\/2025-gladiatorentreffen-nijmegen\/000_IMG_7426_web.JPG\"\n               title=\"\"\n               data-src=\"https:\/\/www.gladiatorenschule-berlin.rocks\/wp-content\/gallery\/2025-gladiatorentreffen-nijmegen\/000_IMG_7426_web.JPG\"\n               data-thumbnail=\"https:\/\/www.gladiatorenschule-berlin.rocks\/wp-content\/gallery\/2025-gladiatorentreffen-nijmegen\/thumbs\/thumbs_000_IMG_7426_web.JPG\"\n               data-image-id=\"1324\"\n               data-title=\"000_IMG_7426_web\"\n               data-description=\"\"\n               data-image-slug=\"000_img_7426_web\"\n               class=\"ngg-simplelightbox\" rel=\"271226c0f41155ea64e9364f1aa5fd15\">\n                <img\n                    title=\"000_IMG_7426_web\"\n                    alt=\"000_IMG_7426_web\"\n                    src=\"https:\/\/www.gladiatorenschule-berlin.rocks\/wp-content\/gallery\/2025-gladiatorentreffen-nijmegen\/thumbs\/thumbs_000_IMG_7426_web.JPG\"\n                    width=\"240\"\n                    height=\"160\"\n                    style=\"max-width:100%;\"\n                \/>\n            <\/a>\n        <\/div>\n\t\t\t\t\t\t\t<\/div> \n\t\t\t\n\t\n\t<br style=\"clear: both\" \/>\n\n\t\t<div class=\"slideshowlink\">\n        <a href='https:\/\/www.gladiatorenschule-berlin.rocks\/index.php\/nggallery\/slideshow?page_id=6179'>View Slideshow<\/a>\n\t\t\n\t<\/div>\n\t\n\t\t<!-- Pagination -->\n\t<div class='ngg-navigation'><span class='current'>1<\/span>\n<a class='page-numbers' data-pageid='2' href='https:\/\/www.gladiatorenschule-berlin.rocks\/index.php\/nggallery\/page\/2?page_id=6179'>2<\/a>\n<span class='ellipsis'>...<\/span>\n<a class='page-numbers' data-pageid='6' href='https:\/\/www.gladiatorenschule-berlin.rocks\/index.php\/nggallery\/page\/6?page_id=6179'>6<\/a>\n<a class='prev' href='https:\/\/www.gladiatorenschule-berlin.rocks\/index.php\/nggallery\/page\/2?page_id=6179' data-pageid=2>&#9658;<\/a><\/div>\t<\/div>\n\n<p class=\"entry-title\"><strong>Sommerfest der Germanensiedlung Klein K\u00f6ris<\/strong><\/p>\n<p>Auch bekannt als &#8222;Das Fest, wo wir eigentlich garnicht hin wollten&#8220;.<\/p>\n<p>Meine G\u00fcte, sind wir Froh, da\u00df die uns doch noch \u00fcberredet haben.<\/p>\n<!-- default-view.php -->\n<div\n\tclass=\"ngg-galleryoverview default-view \"\n\tid=\"ngg-gallery-fd8da195f334299d9a5568bdb02fe19f-1\">\n\n\t\t<!-- Thumbnails -->\n\t\t\t\t<div id=\"ngg-image-0\" class=\"ngg-gallery-thumbnail-box \" >\n\t\t\t\t        <div class=\"ngg-gallery-thumbnail\">\n            <a href=\"https:\/\/www.gladiatorenschule-berlin.rocks\/wp-content\/gallery\/klein-koeris\/gruppe.jpg\"\n               title=\"Gruppenkuscheln mit einigen der &#039;\u00f6mers\"\n               data-src=\"https:\/\/www.gladiatorenschule-berlin.rocks\/wp-content\/gallery\/klein-koeris\/gruppe.jpg\"\n               data-thumbnail=\"https:\/\/www.gladiatorenschule-berlin.rocks\/wp-content\/gallery\/klein-koeris\/thumbs\/thumbs_gruppe.jpg\"\n               data-image-id=\"1240\"\n               data-title=\"gruppe\"\n               data-description=\"Gruppenkuscheln mit einigen der &#039;\u00f6mers\"\n               data-image-slug=\"gruppe-2\"\n               class=\"ngg-simplelightbox\" rel=\"fd8da195f334299d9a5568bdb02fe19f\">\n                <img\n                    title=\"gruppe\"\n                    alt=\"gruppe\"\n                    src=\"https:\/\/www.gladiatorenschule-berlin.rocks\/wp-content\/gallery\/klein-koeris\/thumbs\/thumbs_gruppe.jpg\"\n                    width=\"240\"\n                    height=\"160\"\n                    style=\"max-width:100%;\"\n                \/>\n            <\/a>\n        <\/div>\n\t\t\t\t\t\t\t<\/div> \n\t\t\t\n\t\t\t\t<div id=\"ngg-image-1\" class=\"ngg-gallery-thumbnail-box \" >\n\t\t\t\t        <div class=\"ngg-gallery-thumbnail\">\n            <a href=\"https:\/\/www.gladiatorenschule-berlin.rocks\/wp-content\/gallery\/klein-koeris\/IMG-20250620-WA0000.jpg\"\n               title=\"Ganz normale Anfahrt\"\n               data-src=\"https:\/\/www.gladiatorenschule-berlin.rocks\/wp-content\/gallery\/klein-koeris\/IMG-20250620-WA0000.jpg\"\n               data-thumbnail=\"https:\/\/www.gladiatorenschule-berlin.rocks\/wp-content\/gallery\/klein-koeris\/thumbs\/thumbs_IMG-20250620-WA0000.jpg\"\n               data-image-id=\"1252\"\n               data-title=\"IMG-20250620-WA0000\"\n               data-description=\"Ganz normale Anfahrt\"\n               data-image-slug=\"img-20250620-wa0000\"\n               class=\"ngg-simplelightbox\" rel=\"fd8da195f334299d9a5568bdb02fe19f\">\n                <img\n                    title=\"IMG-20250620-WA0000\"\n                    alt=\"IMG-20250620-WA0000\"\n                    src=\"https:\/\/www.gladiatorenschule-berlin.rocks\/wp-content\/gallery\/klein-koeris\/thumbs\/thumbs_IMG-20250620-WA0000.jpg\"\n                    width=\"240\"\n                    height=\"160\"\n                    style=\"max-width:100%;\"\n                \/>\n            <\/a>\n        <\/div>\n\t\t\t\t\t\t\t<\/div> \n\t\t\t\n\t\t\t\t<div id=\"ngg-image-2\" class=\"ngg-gallery-thumbnail-box \" >\n\t\t\t\t        <div class=\"ngg-gallery-thumbnail\">\n            <a href=\"https:\/\/www.gladiatorenschule-berlin.rocks\/wp-content\/gallery\/klein-koeris\/IMG_20250621_195119.jpg\"\n               title=\"\"\n               data-src=\"https:\/\/www.gladiatorenschule-berlin.rocks\/wp-content\/gallery\/klein-koeris\/IMG_20250621_195119.jpg\"\n               data-thumbnail=\"https:\/\/www.gladiatorenschule-berlin.rocks\/wp-content\/gallery\/klein-koeris\/thumbs\/thumbs_IMG_20250621_195119.jpg\"\n               data-image-id=\"1247\"\n               data-title=\"IMG_20250621_195119\"\n               data-description=\"\"\n               data-image-slug=\"img_20250621_195119\"\n               class=\"ngg-simplelightbox\" rel=\"fd8da195f334299d9a5568bdb02fe19f\">\n                <img\n                    title=\"IMG_20250621_195119\"\n                    alt=\"IMG_20250621_195119\"\n                    src=\"https:\/\/www.gladiatorenschule-berlin.rocks\/wp-content\/gallery\/klein-koeris\/thumbs\/thumbs_IMG_20250621_195119.jpg\"\n                    width=\"240\"\n                    height=\"160\"\n                    style=\"max-width:100%;\"\n                \/>\n            <\/a>\n        <\/div>\n\t\t\t\t\t\t\t<\/div> \n\t\t\t\n\t\t\t\t<div id=\"ngg-image-3\" class=\"ngg-gallery-thumbnail-box \" >\n\t\t\t\t        <div class=\"ngg-gallery-thumbnail\">\n            <a href=\"https:\/\/www.gladiatorenschule-berlin.rocks\/wp-content\/gallery\/klein-koeris\/IMG-20250622-WA0009.jpg\"\n               title=\"\"\n               data-src=\"https:\/\/www.gladiatorenschule-berlin.rocks\/wp-content\/gallery\/klein-koeris\/IMG-20250622-WA0009.jpg\"\n               data-thumbnail=\"https:\/\/www.gladiatorenschule-berlin.rocks\/wp-content\/gallery\/klein-koeris\/thumbs\/thumbs_IMG-20250622-WA0009.jpg\"\n               data-image-id=\"1259\"\n               data-title=\"IMG-20250622-WA0009\"\n               data-description=\"\"\n               data-image-slug=\"img-20250622-wa0009\"\n               class=\"ngg-simplelightbox\" rel=\"fd8da195f334299d9a5568bdb02fe19f\">\n                <img\n                    title=\"IMG-20250622-WA0009\"\n                    alt=\"IMG-20250622-WA0009\"\n                    src=\"https:\/\/www.gladiatorenschule-berlin.rocks\/wp-content\/gallery\/klein-koeris\/thumbs\/thumbs_IMG-20250622-WA0009.jpg\"\n                    width=\"240\"\n                    height=\"160\"\n                    style=\"max-width:100%;\"\n                \/>\n            <\/a>\n        <\/div>\n\t\t\t\t\t\t\t<\/div> \n\t\t\t\n\t\t\t\t<div id=\"ngg-image-4\" class=\"ngg-gallery-thumbnail-box \" >\n\t\t\t\t        <div class=\"ngg-gallery-thumbnail\">\n            <a href=\"https:\/\/www.gladiatorenschule-berlin.rocks\/wp-content\/gallery\/klein-koeris\/IMG-20250622-WA0006.jpg\"\n               title=\"\"\n               data-src=\"https:\/\/www.gladiatorenschule-berlin.rocks\/wp-content\/gallery\/klein-koeris\/IMG-20250622-WA0006.jpg\"\n               data-thumbnail=\"https:\/\/www.gladiatorenschule-berlin.rocks\/wp-content\/gallery\/klein-koeris\/thumbs\/thumbs_IMG-20250622-WA0006.jpg\"\n               data-image-id=\"1257\"\n               data-title=\"IMG-20250622-WA0006\"\n               data-description=\"\"\n               data-image-slug=\"img-20250622-wa0006\"\n               class=\"ngg-simplelightbox\" rel=\"fd8da195f334299d9a5568bdb02fe19f\">\n                <img\n                    title=\"IMG-20250622-WA0006\"\n                    alt=\"IMG-20250622-WA0006\"\n                    src=\"https:\/\/www.gladiatorenschule-berlin.rocks\/wp-content\/gallery\/klein-koeris\/thumbs\/thumbs_IMG-20250622-WA0006.jpg\"\n                    width=\"240\"\n                    height=\"160\"\n                    style=\"max-width:100%;\"\n                \/>\n            <\/a>\n        <\/div>\n\t\t\t\t\t\t\t<\/div> \n\t\t\t\n\t\t\t\t<div id=\"ngg-image-5\" class=\"ngg-gallery-thumbnail-box \" >\n\t\t\t\t        <div class=\"ngg-gallery-thumbnail\">\n            <a href=\"https:\/\/www.gladiatorenschule-berlin.rocks\/wp-content\/gallery\/klein-koeris\/IMG_20250622_104955.jpg\"\n               title=\"Warten auf den Bus\"\n               data-src=\"https:\/\/www.gladiatorenschule-berlin.rocks\/wp-content\/gallery\/klein-koeris\/IMG_20250622_104955.jpg\"\n               data-thumbnail=\"https:\/\/www.gladiatorenschule-berlin.rocks\/wp-content\/gallery\/klein-koeris\/thumbs\/thumbs_IMG_20250622_104955.jpg\"\n               data-image-id=\"1250\"\n               data-title=\"IMG_20250622_104955\"\n               data-description=\"Warten auf den Bus\"\n               data-image-slug=\"img_20250622_104955\"\n               class=\"ngg-simplelightbox\" rel=\"fd8da195f334299d9a5568bdb02fe19f\">\n                <img\n                    title=\"IMG_20250622_104955\"\n                    alt=\"IMG_20250622_104955\"\n                    src=\"https:\/\/www.gladiatorenschule-berlin.rocks\/wp-content\/gallery\/klein-koeris\/thumbs\/thumbs_IMG_20250622_104955.jpg\"\n                    width=\"240\"\n                    height=\"160\"\n                    style=\"max-width:100%;\"\n                \/>\n            <\/a>\n        <\/div>\n\t\t\t\t\t\t\t<\/div> \n\t\t\t\n\t\t\t\t<div id=\"ngg-image-6\" class=\"ngg-gallery-thumbnail-box \" >\n\t\t\t\t        <div class=\"ngg-gallery-thumbnail\">\n            <a href=\"https:\/\/www.gladiatorenschule-berlin.rocks\/wp-content\/gallery\/klein-koeris\/IMG-20250621-WA0038.jpg\"\n               title=\"Lecker, Lecker !\"\n               data-src=\"https:\/\/www.gladiatorenschule-berlin.rocks\/wp-content\/gallery\/klein-koeris\/IMG-20250621-WA0038.jpg\"\n               data-thumbnail=\"https:\/\/www.gladiatorenschule-berlin.rocks\/wp-content\/gallery\/klein-koeris\/thumbs\/thumbs_IMG-20250621-WA0038.jpg\"\n               data-image-id=\"1253\"\n               data-title=\"IMG-20250621-WA0038\"\n               data-description=\"Lecker, Lecker !\"\n               data-image-slug=\"img-20250621-wa0038\"\n               class=\"ngg-simplelightbox\" rel=\"fd8da195f334299d9a5568bdb02fe19f\">\n                <img\n                    title=\"IMG-20250621-WA0038\"\n                    alt=\"IMG-20250621-WA0038\"\n                    src=\"https:\/\/www.gladiatorenschule-berlin.rocks\/wp-content\/gallery\/klein-koeris\/thumbs\/thumbs_IMG-20250621-WA0038.jpg\"\n                    width=\"240\"\n                    height=\"160\"\n                    style=\"max-width:100%;\"\n                \/>\n            <\/a>\n        <\/div>\n\t\t\t\t\t\t\t<\/div> \n\t\t\t\n\t\t\t\t<div id=\"ngg-image-7\" class=\"ngg-gallery-thumbnail-box \" >\n\t\t\t\t        <div class=\"ngg-gallery-thumbnail\">\n            <a href=\"https:\/\/www.gladiatorenschule-berlin.rocks\/wp-content\/gallery\/klein-koeris\/IMG_20250621_195229.jpg\"\n               title=\"\"\n               data-src=\"https:\/\/www.gladiatorenschule-berlin.rocks\/wp-content\/gallery\/klein-koeris\/IMG_20250621_195229.jpg\"\n               data-thumbnail=\"https:\/\/www.gladiatorenschule-berlin.rocks\/wp-content\/gallery\/klein-koeris\/thumbs\/thumbs_IMG_20250621_195229.jpg\"\n               data-image-id=\"1248\"\n               data-title=\"IMG_20250621_195229\"\n               data-description=\"\"\n               data-image-slug=\"img_20250621_195229\"\n               class=\"ngg-simplelightbox\" rel=\"fd8da195f334299d9a5568bdb02fe19f\">\n                <img\n                    title=\"IMG_20250621_195229\"\n                    alt=\"IMG_20250621_195229\"\n                    src=\"https:\/\/www.gladiatorenschule-berlin.rocks\/wp-content\/gallery\/klein-koeris\/thumbs\/thumbs_IMG_20250621_195229.jpg\"\n                    width=\"240\"\n                    height=\"160\"\n                    style=\"max-width:100%;\"\n                \/>\n            <\/a>\n        <\/div>\n\t\t\t\t\t\t\t<\/div> \n\t\t\t\n\t\n\t<br style=\"clear: both\" \/>\n\n\t\t<div class=\"slideshowlink\">\n        <a href='https:\/\/www.gladiatorenschule-berlin.rocks\/index.php\/nggallery\/slideshow?page_id=6179'>View Slideshow<\/a>\n\t\t\n\t<\/div>\n\t\n\t\t<!-- Pagination -->\n\t<div class='ngg-navigation'><span class='current'>1<\/span>\n<a class='page-numbers' data-pageid='2' href='https:\/\/www.gladiatorenschule-berlin.rocks\/index.php\/nggallery\/page\/2?page_id=6179'>2<\/a>\n<a class='page-numbers' data-pageid='3' href='https:\/\/www.gladiatorenschule-berlin.rocks\/index.php\/nggallery\/page\/3?page_id=6179'>3<\/a>\n<a class='prev' href='https:\/\/www.gladiatorenschule-berlin.rocks\/index.php\/nggallery\/page\/2?page_id=6179' data-pageid=2>&#9658;<\/a><\/div>\t<\/div>\n\n<p class=\"entry-title\"><strong>Internationale Meisterschaft der Gladiatur<\/strong><\/p>\n<p>Auch bekannt als: Berlin stellt jetzt zwei Europameister.<\/p>\n<!-- default-view.php -->\n<div\n\tclass=\"ngg-galleryoverview default-view \"\n\tid=\"ngg-gallery-5d8d88256b3c43720090eaef2987205d-1\">\n\n\t\t<!-- Thumbnails -->\n\t\t\t\t<div id=\"ngg-image-0\" class=\"ngg-gallery-thumbnail-box \" >\n\t\t\t\t        <div class=\"ngg-gallery-thumbnail\">\n            <a href=\"https:\/\/www.gladiatorenschule-berlin.rocks\/wp-content\/gallery\/int-meisterschaft-2025\/PXL_20250529_151811630.jpg\"\n               title=\"Drei Grazien auf Freigang\"\n               data-src=\"https:\/\/www.gladiatorenschule-berlin.rocks\/wp-content\/gallery\/int-meisterschaft-2025\/PXL_20250529_151811630.jpg\"\n               data-thumbnail=\"https:\/\/www.gladiatorenschule-berlin.rocks\/wp-content\/gallery\/int-meisterschaft-2025\/thumbs\/thumbs_PXL_20250529_151811630.jpg\"\n               data-image-id=\"1269\"\n               data-title=\"PXL_20250529_151811630\"\n               data-description=\"Drei Grazien auf Freigang\"\n               data-image-slug=\"pxl_20250529_151811630\"\n               class=\"ngg-simplelightbox\" rel=\"5d8d88256b3c43720090eaef2987205d\">\n                <img\n                    title=\"PXL_20250529_151811630\"\n                    alt=\"PXL_20250529_151811630\"\n                    src=\"https:\/\/www.gladiatorenschule-berlin.rocks\/wp-content\/gallery\/int-meisterschaft-2025\/thumbs\/thumbs_PXL_20250529_151811630.jpg\"\n                    width=\"240\"\n                    height=\"160\"\n                    style=\"max-width:100%;\"\n                \/>\n            <\/a>\n        <\/div>\n\t\t\t\t\t\t\t<\/div> \n\t\t\t\n\t\t\t\t<div id=\"ngg-image-1\" class=\"ngg-gallery-thumbnail-box \" >\n\t\t\t\t        <div class=\"ngg-gallery-thumbnail\">\n            <a href=\"https:\/\/www.gladiatorenschule-berlin.rocks\/wp-content\/gallery\/int-meisterschaft-2025\/gruppenbild.jpg\"\n               title=\"Fanboys\"\n               data-src=\"https:\/\/www.gladiatorenschule-berlin.rocks\/wp-content\/gallery\/int-meisterschaft-2025\/gruppenbild.jpg\"\n               data-thumbnail=\"https:\/\/www.gladiatorenschule-berlin.rocks\/wp-content\/gallery\/int-meisterschaft-2025\/thumbs\/thumbs_gruppenbild.jpg\"\n               data-image-id=\"1260\"\n               data-title=\"gruppenbild\"\n               data-description=\"Fanboys\"\n               data-image-slug=\"gruppenbild-3\"\n               class=\"ngg-simplelightbox\" rel=\"5d8d88256b3c43720090eaef2987205d\">\n                <img\n                    title=\"gruppenbild\"\n                    alt=\"gruppenbild\"\n                    src=\"https:\/\/www.gladiatorenschule-berlin.rocks\/wp-content\/gallery\/int-meisterschaft-2025\/thumbs\/thumbs_gruppenbild.jpg\"\n                    width=\"240\"\n                    height=\"160\"\n                    style=\"max-width:100%;\"\n                \/>\n            <\/a>\n        <\/div>\n\t\t\t\t\t\t\t<\/div> \n\t\t\t\n\t\t\t\t<div id=\"ngg-image-2\" class=\"ngg-gallery-thumbnail-box \" >\n\t\t\t\t        <div class=\"ngg-gallery-thumbnail\">\n            <a href=\"https:\/\/www.gladiatorenschule-berlin.rocks\/wp-content\/gallery\/int-meisterschaft-2025\/IMG_20250530_101713.jpg\"\n               title=\"Waffenkontrolle\"\n               data-src=\"https:\/\/www.gladiatorenschule-berlin.rocks\/wp-content\/gallery\/int-meisterschaft-2025\/IMG_20250530_101713.jpg\"\n               data-thumbnail=\"https:\/\/www.gladiatorenschule-berlin.rocks\/wp-content\/gallery\/int-meisterschaft-2025\/thumbs\/thumbs_IMG_20250530_101713.jpg\"\n               data-image-id=\"1263\"\n               data-title=\"IMG_20250530_101713\"\n               data-description=\"Waffenkontrolle\"\n               data-image-slug=\"img_20250530_101713\"\n               class=\"ngg-simplelightbox\" rel=\"5d8d88256b3c43720090eaef2987205d\">\n                <img\n                    title=\"IMG_20250530_101713\"\n                    alt=\"IMG_20250530_101713\"\n                    src=\"https:\/\/www.gladiatorenschule-berlin.rocks\/wp-content\/gallery\/int-meisterschaft-2025\/thumbs\/thumbs_IMG_20250530_101713.jpg\"\n                    width=\"240\"\n                    height=\"160\"\n                    style=\"max-width:100%;\"\n                \/>\n            <\/a>\n        <\/div>\n\t\t\t\t\t\t\t<\/div> \n\t\t\t\n\t\t\t\t<div id=\"ngg-image-3\" class=\"ngg-gallery-thumbnail-box \" >\n\t\t\t\t        <div class=\"ngg-gallery-thumbnail\">\n            <a href=\"https:\/\/www.gladiatorenschule-berlin.rocks\/wp-content\/gallery\/int-meisterschaft-2025\/IMG_20250530_101925.jpg\"\n               title=\"Warteschlange\"\n               data-src=\"https:\/\/www.gladiatorenschule-berlin.rocks\/wp-content\/gallery\/int-meisterschaft-2025\/IMG_20250530_101925.jpg\"\n               data-thumbnail=\"https:\/\/www.gladiatorenschule-berlin.rocks\/wp-content\/gallery\/int-meisterschaft-2025\/thumbs\/thumbs_IMG_20250530_101925.jpg\"\n               data-image-id=\"1267\"\n               data-title=\"IMG_20250530_101925\"\n               data-description=\"Warteschlange\"\n               data-image-slug=\"img_20250530_101925\"\n               class=\"ngg-simplelightbox\" rel=\"5d8d88256b3c43720090eaef2987205d\">\n                <img\n                    title=\"IMG_20250530_101925\"\n                    alt=\"IMG_20250530_101925\"\n                    src=\"https:\/\/www.gladiatorenschule-berlin.rocks\/wp-content\/gallery\/int-meisterschaft-2025\/thumbs\/thumbs_IMG_20250530_101925.jpg\"\n                    width=\"240\"\n                    height=\"160\"\n                    style=\"max-width:100%;\"\n                \/>\n            <\/a>\n        <\/div>\n\t\t\t\t\t\t\t<\/div> \n\t\t\t\n\t\t\t\t<div id=\"ngg-image-4\" class=\"ngg-gallery-thumbnail-box \" >\n\t\t\t\t        <div class=\"ngg-gallery-thumbnail\">\n            <a href=\"https:\/\/www.gladiatorenschule-berlin.rocks\/wp-content\/gallery\/int-meisterschaft-2025\/WhatsApp_Image_2025-06-05_at_21.07.40_00e7dde2.jpg\"\n               title=\"Sind wir gut drauf, oder was ?\"\n               data-src=\"https:\/\/www.gladiatorenschule-berlin.rocks\/wp-content\/gallery\/int-meisterschaft-2025\/WhatsApp_Image_2025-06-05_at_21.07.40_00e7dde2.jpg\"\n               data-thumbnail=\"https:\/\/www.gladiatorenschule-berlin.rocks\/wp-content\/gallery\/int-meisterschaft-2025\/thumbs\/thumbs_WhatsApp_Image_2025-06-05_at_21.07.40_00e7dde2.jpg\"\n               data-image-id=\"1276\"\n               data-title=\"WhatsApp_Image_2025-06-05_at_21.07.40_00e7dde2\"\n               data-description=\"Sind wir gut drauf, oder was ?\"\n               data-image-slug=\"whatsapp_image_2025-06-05_at_21-07-40_00e7dde2\"\n               class=\"ngg-simplelightbox\" rel=\"5d8d88256b3c43720090eaef2987205d\">\n                <img\n                    title=\"WhatsApp_Image_2025-06-05_at_21.07.40_00e7dde2\"\n                    alt=\"WhatsApp_Image_2025-06-05_at_21.07.40_00e7dde2\"\n                    src=\"https:\/\/www.gladiatorenschule-berlin.rocks\/wp-content\/gallery\/int-meisterschaft-2025\/thumbs\/thumbs_WhatsApp_Image_2025-06-05_at_21.07.40_00e7dde2.jpg\"\n                    width=\"240\"\n                    height=\"160\"\n                    style=\"max-width:100%;\"\n                \/>\n            <\/a>\n        <\/div>\n\t\t\t\t\t\t\t<\/div> \n\t\t\t\n\t\t\t\t<div id=\"ngg-image-5\" class=\"ngg-gallery-thumbnail-box \" >\n\t\t\t\t        <div class=\"ngg-gallery-thumbnail\">\n            <a href=\"https:\/\/www.gladiatorenschule-berlin.rocks\/wp-content\/gallery\/int-meisterschaft-2025\/PXL_20250530_114950777.jpg\"\n               title=\"Erkl\u00e4rung\"\n               data-src=\"https:\/\/www.gladiatorenschule-berlin.rocks\/wp-content\/gallery\/int-meisterschaft-2025\/PXL_20250530_114950777.jpg\"\n               data-thumbnail=\"https:\/\/www.gladiatorenschule-berlin.rocks\/wp-content\/gallery\/int-meisterschaft-2025\/thumbs\/thumbs_PXL_20250530_114950777.jpg\"\n               data-image-id=\"1273\"\n               data-title=\"PXL_20250530_114950777\"\n               data-description=\"Erkl\u00e4rung\"\n               data-image-slug=\"pxl_20250530_114950777\"\n               class=\"ngg-simplelightbox\" rel=\"5d8d88256b3c43720090eaef2987205d\">\n                <img\n                    title=\"PXL_20250530_114950777\"\n                    alt=\"PXL_20250530_114950777\"\n                    src=\"https:\/\/www.gladiatorenschule-berlin.rocks\/wp-content\/gallery\/int-meisterschaft-2025\/thumbs\/thumbs_PXL_20250530_114950777.jpg\"\n                    width=\"240\"\n                    height=\"160\"\n                    style=\"max-width:100%;\"\n                \/>\n            <\/a>\n        <\/div>\n\t\t\t\t\t\t\t<\/div> \n\t\t\t\n\t\t\t\t<div id=\"ngg-image-6\" class=\"ngg-gallery-thumbnail-box \" >\n\t\t\t\t        <div class=\"ngg-gallery-thumbnail\">\n            <a href=\"https:\/\/www.gladiatorenschule-berlin.rocks\/wp-content\/gallery\/int-meisterschaft-2025\/PXL_20250530_115025695.jpg\"\n               title=\"Ausf\u00fchrung\"\n               data-src=\"https:\/\/www.gladiatorenschule-berlin.rocks\/wp-content\/gallery\/int-meisterschaft-2025\/PXL_20250530_115025695.jpg\"\n               data-thumbnail=\"https:\/\/www.gladiatorenschule-berlin.rocks\/wp-content\/gallery\/int-meisterschaft-2025\/thumbs\/thumbs_PXL_20250530_115025695.jpg\"\n               data-image-id=\"1274\"\n               data-title=\"PXL_20250530_115025695\"\n               data-description=\"Ausf\u00fchrung\"\n               data-image-slug=\"pxl_20250530_115025695\"\n               class=\"ngg-simplelightbox\" rel=\"5d8d88256b3c43720090eaef2987205d\">\n                <img\n                    title=\"PXL_20250530_115025695\"\n                    alt=\"PXL_20250530_115025695\"\n                    src=\"https:\/\/www.gladiatorenschule-berlin.rocks\/wp-content\/gallery\/int-meisterschaft-2025\/thumbs\/thumbs_PXL_20250530_115025695.jpg\"\n                    width=\"240\"\n                    height=\"160\"\n                    style=\"max-width:100%;\"\n                \/>\n            <\/a>\n        <\/div>\n\t\t\t\t\t\t\t<\/div> \n\t\t\t\n\t\t\t\t<div id=\"ngg-image-7\" class=\"ngg-gallery-thumbnail-box \" >\n\t\t\t\t        <div class=\"ngg-gallery-thumbnail\">\n            <a href=\"https:\/\/www.gladiatorenschule-berlin.rocks\/wp-content\/gallery\/int-meisterschaft-2025\/IMG_20250531_163131.jpg\"\n               title=\"Grupies\"\n               data-src=\"https:\/\/www.gladiatorenschule-berlin.rocks\/wp-content\/gallery\/int-meisterschaft-2025\/IMG_20250531_163131.jpg\"\n               data-thumbnail=\"https:\/\/www.gladiatorenschule-berlin.rocks\/wp-content\/gallery\/int-meisterschaft-2025\/thumbs\/thumbs_IMG_20250531_163131.jpg\"\n               data-image-id=\"1272\"\n               data-title=\"IMG_20250531_163131\"\n               data-description=\"Grupies\"\n               data-image-slug=\"img_20250531_163131\"\n               class=\"ngg-simplelightbox\" rel=\"5d8d88256b3c43720090eaef2987205d\">\n                <img\n                    title=\"IMG_20250531_163131\"\n                    alt=\"IMG_20250531_163131\"\n                    src=\"https:\/\/www.gladiatorenschule-berlin.rocks\/wp-content\/gallery\/int-meisterschaft-2025\/thumbs\/thumbs_IMG_20250531_163131.jpg\"\n                    width=\"240\"\n                    height=\"160\"\n                    style=\"max-width:100%;\"\n                \/>\n            <\/a>\n        <\/div>\n\t\t\t\t\t\t\t<\/div> \n\t\t\t\n\t\n\t<br style=\"clear: both\" \/>\n\n\t\t<div class=\"slideshowlink\">\n        <a href='https:\/\/www.gladiatorenschule-berlin.rocks\/index.php\/nggallery\/slideshow?page_id=6179'>View Slideshow<\/a>\n\t\t\n\t<\/div>\n\t\n\t\t<!-- Pagination -->\n\t<div class='ngg-navigation'><span class='current'>1<\/span>\n<a class='page-numbers' data-pageid='2' href='https:\/\/www.gladiatorenschule-berlin.rocks\/index.php\/nggallery\/page\/2?page_id=6179'>2<\/a>\n<a class='page-numbers' data-pageid='3' href='https:\/\/www.gladiatorenschule-berlin.rocks\/index.php\/nggallery\/page\/3?page_id=6179'>3<\/a>\n<a class='prev' href='https:\/\/www.gladiatorenschule-berlin.rocks\/index.php\/nggallery\/page\/2?page_id=6179' data-pageid=2>&#9658;<\/a><\/div>\t<\/div>\n\n<p class=\"entry-title\"><strong>Herbst-Winter-Fr\u00fchjahrsworkshop<\/strong><\/p>\n<p>Je nachdem, wen mann fragt.<\/p>\n<p>Da wir 2024 ziemlich gefragt waren, haben wir beschlossen, unseren traditionellen Herbstworkshop 2024 auf den Februar 2025 zu verlegen.<\/p>\n<p>Als Kamerakind war unser Lanista nicht ganz so erfolgreich, aber da sonst keiner Bilder gemacht hat, werden wir mal nicht ganz so doll meckern \ud83d\ude09<\/p>\n<!-- default-view.php -->\n<div\n\tclass=\"ngg-galleryoverview default-view \"\n\tid=\"ngg-gallery-9cc8e2dc899555553c986e3c330b6892-1\">\n\n\t\t<!-- Thumbnails -->\n\t\t\t\t<div id=\"ngg-image-0\" class=\"ngg-gallery-thumbnail-box \" >\n\t\t\t\t        <div class=\"ngg-gallery-thumbnail\">\n            <a href=\"https:\/\/www.gladiatorenschule-berlin.rocks\/wp-content\/gallery\/winterworkshop-2025\/Dynamisches-Duo.jpg\"\n               title=\"\"\n               data-src=\"https:\/\/www.gladiatorenschule-berlin.rocks\/wp-content\/gallery\/winterworkshop-2025\/Dynamisches-Duo.jpg\"\n               data-thumbnail=\"https:\/\/www.gladiatorenschule-berlin.rocks\/wp-content\/gallery\/winterworkshop-2025\/thumbs\/thumbs_Dynamisches-Duo.jpg\"\n               data-image-id=\"1224\"\n               data-title=\"Dynamisches-Duo\"\n               data-description=\"\"\n               data-image-slug=\"dynamisches-duo\"\n               class=\"ngg-simplelightbox\" rel=\"9cc8e2dc899555553c986e3c330b6892\">\n                <img\n                    title=\"Dynamisches-Duo\"\n                    alt=\"Dynamisches-Duo\"\n                    src=\"https:\/\/www.gladiatorenschule-berlin.rocks\/wp-content\/gallery\/winterworkshop-2025\/thumbs\/thumbs_Dynamisches-Duo.jpg\"\n                    width=\"240\"\n                    height=\"160\"\n                    style=\"max-width:100%;\"\n                \/>\n            <\/a>\n        <\/div>\n\t\t\t\t\t\t\t<\/div> \n\t\t\t\n\t\t\t\t<div id=\"ngg-image-1\" class=\"ngg-gallery-thumbnail-box \" >\n\t\t\t\t        <div class=\"ngg-gallery-thumbnail\">\n            <a href=\"https:\/\/www.gladiatorenschule-berlin.rocks\/wp-content\/gallery\/winterworkshop-2025\/Theoriestunde.jpg\"\n               title=\"\"\n               data-src=\"https:\/\/www.gladiatorenschule-berlin.rocks\/wp-content\/gallery\/winterworkshop-2025\/Theoriestunde.jpg\"\n               data-thumbnail=\"https:\/\/www.gladiatorenschule-berlin.rocks\/wp-content\/gallery\/winterworkshop-2025\/thumbs\/thumbs_Theoriestunde.jpg\"\n               data-image-id=\"1234\"\n               data-title=\"Theoriestunde\"\n               data-description=\"\"\n               data-image-slug=\"theoriestunde\"\n               class=\"ngg-simplelightbox\" rel=\"9cc8e2dc899555553c986e3c330b6892\">\n                <img\n                    title=\"Theoriestunde\"\n                    alt=\"Theoriestunde\"\n                    src=\"https:\/\/www.gladiatorenschule-berlin.rocks\/wp-content\/gallery\/winterworkshop-2025\/thumbs\/thumbs_Theoriestunde.jpg\"\n                    width=\"240\"\n                    height=\"160\"\n                    style=\"max-width:100%;\"\n                \/>\n            <\/a>\n        <\/div>\n\t\t\t\t\t\t\t<\/div> \n\t\t\t\n\t\t\t\t<div id=\"ngg-image-2\" class=\"ngg-gallery-thumbnail-box \" >\n\t\t\t\t        <div class=\"ngg-gallery-thumbnail\">\n            <a href=\"https:\/\/www.gladiatorenschule-berlin.rocks\/wp-content\/gallery\/winterworkshop-2025\/Abendkreis.jpg\"\n               title=\"\"\n               data-src=\"https:\/\/www.gladiatorenschule-berlin.rocks\/wp-content\/gallery\/winterworkshop-2025\/Abendkreis.jpg\"\n               data-thumbnail=\"https:\/\/www.gladiatorenschule-berlin.rocks\/wp-content\/gallery\/winterworkshop-2025\/thumbs\/thumbs_Abendkreis.jpg\"\n               data-image-id=\"1221\"\n               data-title=\"Abendkreis\"\n               data-description=\"\"\n               data-image-slug=\"abendkreis\"\n               class=\"ngg-simplelightbox\" rel=\"9cc8e2dc899555553c986e3c330b6892\">\n                <img\n                    title=\"Abendkreis\"\n                    alt=\"Abendkreis\"\n                    src=\"https:\/\/www.gladiatorenschule-berlin.rocks\/wp-content\/gallery\/winterworkshop-2025\/thumbs\/thumbs_Abendkreis.jpg\"\n                    width=\"240\"\n                    height=\"160\"\n                    style=\"max-width:100%;\"\n                \/>\n            <\/a>\n        <\/div>\n\t\t\t\t\t\t\t<\/div> \n\t\t\t\n\t\t\t\t<div id=\"ngg-image-3\" class=\"ngg-gallery-thumbnail-box \" >\n\t\t\t\t        <div class=\"ngg-gallery-thumbnail\">\n            <a href=\"https:\/\/www.gladiatorenschule-berlin.rocks\/wp-content\/gallery\/winterworkshop-2025\/Block.jpg\"\n               title=\"\"\n               data-src=\"https:\/\/www.gladiatorenschule-berlin.rocks\/wp-content\/gallery\/winterworkshop-2025\/Block.jpg\"\n               data-thumbnail=\"https:\/\/www.gladiatorenschule-berlin.rocks\/wp-content\/gallery\/winterworkshop-2025\/thumbs\/thumbs_Block.jpg\"\n               data-image-id=\"1222\"\n               data-title=\"Block\"\n               data-description=\"\"\n               data-image-slug=\"block\"\n               class=\"ngg-simplelightbox\" rel=\"9cc8e2dc899555553c986e3c330b6892\">\n                <img\n                    title=\"Block\"\n                    alt=\"Block\"\n                    src=\"https:\/\/www.gladiatorenschule-berlin.rocks\/wp-content\/gallery\/winterworkshop-2025\/thumbs\/thumbs_Block.jpg\"\n                    width=\"240\"\n                    height=\"160\"\n                    style=\"max-width:100%;\"\n                \/>\n            <\/a>\n        <\/div>\n\t\t\t\t\t\t\t<\/div> \n\t\t\t\n\t\t\t\t<div id=\"ngg-image-4\" class=\"ngg-gallery-thumbnail-box \" >\n\t\t\t\t        <div class=\"ngg-gallery-thumbnail\">\n            <a href=\"https:\/\/www.gladiatorenschule-berlin.rocks\/wp-content\/gallery\/winterworkshop-2025\/Gekloppe-mit-Stoecken.jpg\"\n               title=\"\"\n               data-src=\"https:\/\/www.gladiatorenschule-berlin.rocks\/wp-content\/gallery\/winterworkshop-2025\/Gekloppe-mit-Stoecken.jpg\"\n               data-thumbnail=\"https:\/\/www.gladiatorenschule-berlin.rocks\/wp-content\/gallery\/winterworkshop-2025\/thumbs\/thumbs_Gekloppe-mit-Stoecken.jpg\"\n               data-image-id=\"1228\"\n               data-title=\"Gekloppe-mit-Stoecken\"\n               data-description=\"\"\n               data-image-slug=\"gekloppe-mit-stoecken\"\n               class=\"ngg-simplelightbox\" rel=\"9cc8e2dc899555553c986e3c330b6892\">\n                <img\n                    title=\"Gekloppe-mit-Stoecken\"\n                    alt=\"Gekloppe-mit-Stoecken\"\n                    src=\"https:\/\/www.gladiatorenschule-berlin.rocks\/wp-content\/gallery\/winterworkshop-2025\/thumbs\/thumbs_Gekloppe-mit-Stoecken.jpg\"\n                    width=\"240\"\n                    height=\"160\"\n                    style=\"max-width:100%;\"\n                \/>\n            <\/a>\n        <\/div>\n\t\t\t\t\t\t\t<\/div> \n\t\t\t\n\t\t\t\t<div id=\"ngg-image-5\" class=\"ngg-gallery-thumbnail-box \" >\n\t\t\t\t        <div class=\"ngg-gallery-thumbnail\">\n            <a href=\"https:\/\/www.gladiatorenschule-berlin.rocks\/wp-content\/gallery\/winterworkshop-2025\/Basteln.jpg\"\n               title=\"\"\n               data-src=\"https:\/\/www.gladiatorenschule-berlin.rocks\/wp-content\/gallery\/winterworkshop-2025\/Basteln.jpg\"\n               data-thumbnail=\"https:\/\/www.gladiatorenschule-berlin.rocks\/wp-content\/gallery\/winterworkshop-2025\/thumbs\/thumbs_Basteln.jpg\"\n               data-image-id=\"1225\"\n               data-title=\"Basteln\"\n               data-description=\"\"\n               data-image-slug=\"basteln\"\n               class=\"ngg-simplelightbox\" rel=\"9cc8e2dc899555553c986e3c330b6892\">\n                <img\n                    title=\"Basteln\"\n                    alt=\"Basteln\"\n                    src=\"https:\/\/www.gladiatorenschule-berlin.rocks\/wp-content\/gallery\/winterworkshop-2025\/thumbs\/thumbs_Basteln.jpg\"\n                    width=\"240\"\n                    height=\"160\"\n                    style=\"max-width:100%;\"\n                \/>\n            <\/a>\n        <\/div>\n\t\t\t\t\t\t\t<\/div> \n\t\t\t\n\t\t\t\t<div id=\"ngg-image-6\" class=\"ngg-gallery-thumbnail-box \" >\n\t\t\t\t        <div class=\"ngg-gallery-thumbnail\">\n            <a href=\"https:\/\/www.gladiatorenschule-berlin.rocks\/wp-content\/gallery\/winterworkshop-2025\/Gaestebasteln.jpg\"\n               title=\"\"\n               data-src=\"https:\/\/www.gladiatorenschule-berlin.rocks\/wp-content\/gallery\/winterworkshop-2025\/Gaestebasteln.jpg\"\n               data-thumbnail=\"https:\/\/www.gladiatorenschule-berlin.rocks\/wp-content\/gallery\/winterworkshop-2025\/thumbs\/thumbs_Gaestebasteln.jpg\"\n               data-image-id=\"1227\"\n               data-title=\"Gaestebasteln\"\n               data-description=\"\"\n               data-image-slug=\"gaestebasteln\"\n               class=\"ngg-simplelightbox\" rel=\"9cc8e2dc899555553c986e3c330b6892\">\n                <img\n                    title=\"Gaestebasteln\"\n                    alt=\"Gaestebasteln\"\n                    src=\"https:\/\/www.gladiatorenschule-berlin.rocks\/wp-content\/gallery\/winterworkshop-2025\/thumbs\/thumbs_Gaestebasteln.jpg\"\n                    width=\"240\"\n                    height=\"160\"\n                    style=\"max-width:100%;\"\n                \/>\n            <\/a>\n        <\/div>\n\t\t\t\t\t\t\t<\/div> \n\t\t\t\n\t\t\t\t<div id=\"ngg-image-7\" class=\"ngg-gallery-thumbnail-box \" >\n\t\t\t\t        <div class=\"ngg-gallery-thumbnail\">\n            <a href=\"https:\/\/www.gladiatorenschule-berlin.rocks\/wp-content\/gallery\/winterworkshop-2025\/Das-andere-Basteln.jpg\"\n               title=\"\"\n               data-src=\"https:\/\/www.gladiatorenschule-berlin.rocks\/wp-content\/gallery\/winterworkshop-2025\/Das-andere-Basteln.jpg\"\n               data-thumbnail=\"https:\/\/www.gladiatorenschule-berlin.rocks\/wp-content\/gallery\/winterworkshop-2025\/thumbs\/thumbs_Das-andere-Basteln.jpg\"\n               data-image-id=\"1226\"\n               data-title=\"Das-andere-Basteln\"\n               data-description=\"\"\n               data-image-slug=\"das-andere-basteln\"\n               class=\"ngg-simplelightbox\" rel=\"9cc8e2dc899555553c986e3c330b6892\">\n                <img\n                    title=\"Das-andere-Basteln\"\n                    alt=\"Das-andere-Basteln\"\n                    src=\"https:\/\/www.gladiatorenschule-berlin.rocks\/wp-content\/gallery\/winterworkshop-2025\/thumbs\/thumbs_Das-andere-Basteln.jpg\"\n                    width=\"240\"\n                    height=\"160\"\n                    style=\"max-width:100%;\"\n                \/>\n            <\/a>\n        <\/div>\n\t\t\t\t\t\t\t<\/div> \n\t\t\t\n\t\n\t<br style=\"clear: both\" \/>\n\n\t\t<div class=\"slideshowlink\">\n        <a href='https:\/\/www.gladiatorenschule-berlin.rocks\/index.php\/nggallery\/slideshow?page_id=6179'>View Slideshow<\/a>\n\t\t\n\t<\/div>\n\t\n\t\t<!-- Pagination -->\n\t<div class='ngg-navigation'><span class='current'>1<\/span>\n<a class='page-numbers' data-pageid='2' href='https:\/\/www.gladiatorenschule-berlin.rocks\/index.php\/nggallery\/page\/2?page_id=6179'>2<\/a>\n<a class='prev' href='https:\/\/www.gladiatorenschule-berlin.rocks\/index.php\/nggallery\/page\/2?page_id=6179' data-pageid=2>&#9658;<\/a><\/div>\t<\/div>\n\n","protected":false},"excerpt":{"rendered":"<p>Weiter geht der Veranstaltungsreigen im Jahre 2025 Tag der offenen Bruno-Gehrke Halle Tag der deutschen Einheit 2025 Wer sich fragt, was Gladiatoren mit der Hessischen Landesvertretung zu tun haben: die Saalburg ist der gemeinsame Nenner. Au\u00dfer der &#8222;Luftaufnahme&#8220;, die uns von Gritt Pisternick zur Verf\u00fcgung gestellt wurde, sind alle anderen Bilder &#8230; nicht von uns [&hellip;]<\/p>\n","protected":false},"author":2,"featured_media":0,"parent":46,"menu_order":0,"comment_status":"closed","ping_status":"closed","template":"","meta":{"ngg_post_thumbnail":0,"footnotes":""},"class_list":["post-6179","page","type-page","status-publish","hentry"],"_links":{"self":[{"href":"https:\/\/www.gladiatorenschule-berlin.rocks\/index.php?rest_route=\/wp\/v2\/pages\/6179","targetHints":{"allow":["GET"]}}],"collection":[{"href":"https:\/\/www.gladiatorenschule-berlin.rocks\/index.php?rest_route=\/wp\/v2\/pages"}],"about":[{"href":"https:\/\/www.gladiatorenschule-berlin.rocks\/index.php?rest_route=\/wp\/v2\/types\/page"}],"author":[{"embeddable":true,"href":"https:\/\/www.gladiatorenschule-berlin.rocks\/index.php?rest_route=\/wp\/v2\/users\/2"}],"replies":[{"embeddable":true,"href":"https:\/\/www.gladiatorenschule-berlin.rocks\/index.php?rest_route=%2Fwp%2Fv2%2Fcomments&post=6179"}],"version-history":[{"count":7,"href":"https:\/\/www.gladiatorenschule-berlin.rocks\/index.php?rest_route=\/wp\/v2\/pages\/6179\/revisions"}],"predecessor-version":[{"id":6339,"href":"https:\/\/www.gladiatorenschule-berlin.rocks\/index.php?rest_route=\/wp\/v2\/pages\/6179\/revisions\/6339"}],"up":[{"embeddable":true,"href":"https:\/\/www.gladiatorenschule-berlin.rocks\/index.php?rest_route=\/wp\/v2\/pages\/46"}],"wp:attachment":[{"href":"https:\/\/www.gladiatorenschule-berlin.rocks\/index.php?rest_route=%2Fwp%2Fv2%2Fmedia&parent=6179"}],"curies":[{"name":"wp","href":"https:\/\/api.w.org\/{rel}","templated":true}]}}